{"id":16068,"date":"2020-07-29T17:55:23","date_gmt":"2020-07-29T15:55:23","guid":{"rendered":"https:\/\/companie-of-st-george.ch\/wordpress\/datenschutz\/"},"modified":"2022-02-18T11:29:56","modified_gmt":"2022-02-18T10:29:56","slug":"protection-des-donnees","status":"publish","type":"page","link":"https:\/\/companie-of-st-george.ch\/fr\/protection-des-donnees\/","title":{"rendered":"Protection des donn\u00e9es"},"content":{"rendered":"<div id=\"cmsmasters_row_0cnqapc8i\" class=\"cmsmasters_row cmsmasters_color_scheme_default cmsmasters_row_top_default cmsmasters_row_bot_default cmsmasters_row_boxed\">\n<div class=\"cmsmasters_row_outer_parent\">\n<div class=\"cmsmasters_row_outer\">\n<div class=\"cmsmasters_row_inner\">\n<div class=\"cmsmasters_row_margin\">\n<div id=\"cmsmasters_column_8orztbgrcm\" class=\"cmsmasters_column one_first\">\n<div class=\"cmsmasters_column_inner\"><div class=\"cmsmasters_text\">\n<p>&nbsp;<\/p>\n<p>Par la pr\u00e9sente d\u00e9claration de confidentialit\u00e9, nous vous informons sur le traitement des donn\u00e9es personnelles en relation avec notre <b>site Web companie-of-st-george.ch<\/b> et nos autres services en ligne.<\/p>\n<p>Pour des offres et prestations individuelles ou compl\u00e9mentaires, il peut y avoir des d\u00e9clarations particuli\u00e8res, compl\u00e9mentaires ou suppl\u00e9mentaires en mati\u00e8re de protection des donn\u00e9es ainsi que d&rsquo;autres documents juridiques tels que des Conditions G\u00e9n\u00e9rales de Vente (CGV), des conditions d&rsquo;utilisation ou des conditions de participation.<\/p>\n<p>Notre offre en ligne est soumise \u00e0 la loi suisse sur la protection des donn\u00e9es et \u00e0 toute loi \u00e9trang\u00e8re applicable en mati\u00e8re de protection des donn\u00e9es, en particulier celle de l&rsquo;Union europ\u00e9enne (UE) avec le R\u00e8glement g\u00e9n\u00e9ral sur la protection des donn\u00e9es (RGPD). L&rsquo;UE<a href=\"https:\/\/eur-lex.europa.eu\/legal-content\/FR\/TXT\/?uri=CELEX%3A32000D0518\"> reconna\u00eet<\/a> que la l\u00e9gislation suisse en mati\u00e8re de protection des donn\u00e9es garantit une protection ad\u00e9quate des donn\u00e9es.<\/p>\n<p>&nbsp;<\/p>\n<h2><b>1. Adresses de contact<\/b><\/h2>\n<p>Responsable pour l\u2019offre en ligne:<\/p>\n<p><b>The Company of St. George<br \/>\n<\/b>c\/o Roger Neeracher<br \/>\nUnterburg 10<br \/>\n8158 Regensberg<br \/>\nSuisse<\/p>\n<p><a href=\"mailto:contact@companie-of-st-george.ch\">contact@companie-of-st-george.ch<\/a><\/p>\n<p>&nbsp;<\/p>\n<p>&nbsp;<\/p>\n<h4><b>Repr\u00e9sentant au sein de l\u2019UE ou de l\u2019EEE pour la protection des donn\u00e9es<\/b><\/h4>\n<p>Conform\u00e9ment \u00e0 l\u2019art. 27 du RGPD, les autorit\u00e9s de contr\u00f4le et les personnes concern\u00e9es peuvent contacter, en tant que point de contact <i>suppl\u00e9mentaire<\/i>, notre repr\u00e9sentant pour la protection des donn\u00e9es au sein de l\u2019Union europ\u00e9enne (UE) ou de l\u2019Espace \u00e9conomique europ\u00e9en (EEE), y compris la principaut\u00e9 du Liechtenstein, pour les demandes relatives au r\u00e8glement g\u00e9n\u00e9ral sur la protection des donn\u00e9es (RGPD):<\/p>\n<p><b>The Company of St. George<br \/>\n<\/b>c\/o Floor <span id=\"cch_f3a028dc970cfe\" class=\"_mh6 _wsc\"><span class=\"_3oh- _58nk\">Verhoeven<\/span><\/span><br \/>\n<span id=\"cch_f3a028dc970cfe\" class=\"_mh6 _wsc\"><span class=\"_3oh- _58nk\">Amerikalaan 179<br \/>\n3526VD Utrech<\/span><\/span><span class=\"_mh6 _wsc\"><span class=\"_3oh- _58nk\">t<br \/>\nLes Pays-Bas<\/span><\/span><\/p>\n<div class=\"QmZWSe\"><\/div>\n<p><a href=\"mailto:privacy@companie-of-st-george.ch\">privacy@companie-of-st-george.ch <\/a><\/p>\n<p>&nbsp;<\/p>\n<p>&nbsp;<\/p>\n<h2><b>2. Traitement des donn\u00e9es personnelles<\/b><\/h2>\n<h3><b>2.1 D\u00e9finitions<\/b><\/h3>\n<p>Toutes les informations qui se rapportent \u00e0 une personne identifi\u00e9e ou identifiable sont des <b>donn\u00e9es personnelles<\/b>. Une <b>personne concern\u00e9e<\/b> est une personne au sujet de laquelle des donn\u00e9es sont trait\u00e9es. Le <b>traitement<\/b> comprend toute op\u00e9ration relative \u00e0 des donn\u00e9es personnelles \u2013 quels que soient les moyens et proc\u00e9d\u00e9s utilis\u00e9s \u2013 notamment la conservation, la communication, la collecte, la suppression, l\u2019enregistrement, la modification, la destruction et l\u2019exploitation de donn\u00e9es.<\/p>\n<p>&nbsp;<\/p>\n<h3><b>2.2 Bases juridiques<\/b><\/h3>\n<p>Nous traitons les donn\u00e9es personnelles conform\u00e9ment \u00e0 la loi suisse sur la protection des donn\u00e9es, en particulier<a href=\"https:\/\/www.admin.ch\/opc\/fr\/classified-compilation\/19920153\/index.html\"> la Loi f\u00e9d\u00e9rale sur la protection des donn\u00e9es<\/a> (LPD) et<a href=\"https:\/\/www.admin.ch\/opc\/fr\/classified-compilation\/19930159\/index.html\"> l&rsquo;Ordonnance sur la Loi f\u00e9d\u00e9rale sur la protection des donn\u00e9es<\/a> (OLPD).<\/p>\n<p>Dans la mesure o\u00f9 le R\u00e8glement g\u00e9n\u00e9ral sur la protection des donn\u00e9es (RGPD) est applicable, nous traitons les donn\u00e9es personnelles conform\u00e9ment \u00e0 au moins l&rsquo;une des bases juridiques suivantes:<\/p>\n<ul>\n<li>Art. 6 al.1 let. b RGPD: pour le traitement des donn\u00e9es personnelles n\u00e9cessaire \u00e0 l&rsquo;ex\u00e9cution d&rsquo;un contrat avec la personne concern\u00e9e ainsi qu\u2019\u00e0 l&rsquo;ex\u00e9cution de mesures pr\u00e9contractuelles.<\/li>\n<li>Art. 6 al.1 let. f RGPD: pour le traitement des donn\u00e9es personnelles n\u00e9cessaire afin de sauvegarder nos int\u00e9r\u00eats l\u00e9gitimes ou de tiers, \u00e0 moins que ne pr\u00e9valent les libert\u00e9s et droits fondamentaux ainsi que les int\u00e9r\u00eats de la personne concern\u00e9e. Parmi nos int\u00e9r\u00eats l\u00e9gitimes figurent notamment notre int\u00e9r\u00eat \u00e0 fournir nos services en ligne de mani\u00e8re permanente, conviviale, s\u00fbre et fiable et \u00e0 pouvoir en faire la publicit\u00e9 selon les besoins, la s\u00e9curit\u00e9 des informations et la protection contre les abus et les utilisations non autoris\u00e9es, le respect de nos propres droits juridiques et le respect du droit suisse.<\/li>\n<li>Art. 6 al.1 let. c RGPD: pour le traitement des donn\u00e9es personnelles n\u00e9cessaire au respect d&rsquo;une obligation l\u00e9gale \u00e0 laquelle nous sommes soumis conform\u00e9ment \u00e0 toute loi applicable des \u00c9tats membres de l&rsquo;Espace \u00e9conomique europ\u00e9en (EEE).<\/li>\n<li>Art. 6 al.1 let. e RGPD: pour le traitement des donn\u00e9es personnelles n\u00e9cessaire \u00e0 l&rsquo;ex\u00e9cution d&rsquo;une mission d&rsquo;int\u00e9r\u00eat public.<\/li>\n<li>Art. 6 al.1 let. a RGPD: pour le traitement des donn\u00e9es personnelles avec le consentement de la personne concern\u00e9e.<\/li>\n<li>Art. 6 al.1 let. d RGPD: pour le traitement des donn\u00e9es personnelles n\u00e9cessaire \u00e0 la sauvegarde des int\u00e9r\u00eats vitaux de la personne concern\u00e9e ou d&rsquo;une autre personne physique.<\/li>\n<\/ul>\n<p>&nbsp;<\/p>\n<h3><b>2.3 Nature, port\u00e9e et objet<\/b><\/h3>\n<p>Parmi les donn\u00e9es personnelles, nous traitons celles qui sont n\u00e9cessaires \u00e0 maintenir l\u2019efficacit\u00e9 et la facilit\u00e9 d\u2019utilisation de notre offre ainsi que sa durabilit\u00e9, sa s\u00e9curit\u00e9 et sa fiabilit\u00e9. Ces donn\u00e9es personnelles peuvent entrer dans les cat\u00e9gories suivantes: donn\u00e9es d&rsquo;inventaire et de contact, donn\u00e9es relatives au contenu, m\u00e9tadonn\u00e9es ou donn\u00e9es marginales, ainsi que donn\u00e9es d&rsquo;utilisation, donn\u00e9es de localisation, donn\u00e9es contractuelles et donn\u00e9es de paiement.<\/p>\n<p>Nous traitons les donn\u00e9es personnelles pendant <b>la dur\u00e9e<\/b> n\u00e9cessaire \u00e0 la ou aux finalit\u00e9s pour lesquelles elles ont \u00e9t\u00e9 collect\u00e9es ou pendant la dur\u00e9e pr\u00e9vue par la loi. Les donn\u00e9es personnelles dont le traitement n&rsquo;est plus n\u00e9cessaire seront anonymis\u00e9es ou supprim\u00e9es.<\/p>\n<p>Nous traitons les donn\u00e9es personnelles uniquement avec l\u2019accord de la personne concern\u00e9e, \u00e0 moins que leur traitement soit admissible pour d\u2019autres raisons, en vue des mesures pr\u00e9contractuelles et pour l\u2019ex\u00e9cution d\u2019un contrat par exemple, afin de d\u00e9fendre nos int\u00e9r\u00eats l\u00e9gitimes pr\u00e9pond\u00e9rants, parce que le traitement ressort des circonstances ou apr\u00e8s information pr\u00e9alable.<\/p>\n<p>Dans ce cadre, nous traitons en particulier les informations que la personne concern\u00e9e elle-m\u00eame nous communique lors de la prise de contact, par courrier postal, courriel, formulaire de contact, t\u00e9l\u00e9phone ou m\u00e9dia sociaux, ou lors de son enregistrement facultatif en vue d\u2019un compte utilisateur. Nous pouvons, par exemple, stocker ces informations dans un carnet d&rsquo;adresses ou \u00e0 l&rsquo;aide d&rsquo;outils comparables. Si vous nous transmettez des donn\u00e9es personnelles par l&rsquo;interm\u00e9diaire de tiers, vous \u00eates tenu(e) de garantir la protection des donn\u00e9es vis-\u00e0-vis de ces tiers et d&rsquo;assurer l&rsquo;exactitude de ces donn\u00e9es personnelles.<\/p>\n<p>Nous traitons \u00e9galement les donn\u00e9es personnelles que nous recevons de tiers, que nous obtenons de sources publiquement accessibles ou que nous recueillons lorsque nous fournissons nos offres en ligne, si et dans la mesure o\u00f9 un tel traitement est autoris\u00e9 pour des raisons d\u2019ordre juridique.<\/p>\n<p>&nbsp;<\/p>\n<h3><b>2.4 Traitement des donn\u00e9es personnelles par des tiers, y compris \u00e0 l&rsquo;\u00e9tranger<\/b><\/h3>\n<p>Nous pouvons \u00eatre amen\u00e9s \u00e0 faire traiter les donn\u00e9es personnelles par des tiers, en particulier par des prestataires de services, \u00e0 les traiter conjointement avec des tiers et avec l&rsquo;aide de ceux-ci, ou \u00e0 les transmettre \u00e0 des tiers. Ces tiers sont notamment des prestataires dont nous utilisons les services. Nous garantissons \u00e9galement une protection ad\u00e9quate des donn\u00e9es pour ces tiers.<\/p>\n<p>Ces tiers sont g\u00e9n\u00e9ralement situ\u00e9s en Suisse et dans l&rsquo;Espace \u00e9conomique europ\u00e9en (EEE), y compris l&rsquo;Union europ\u00e9enne (UE) et la Principaut\u00e9 du Liechtenstein. Toutefois, ces tiers peuvent \u00e9galement \u00eatre domicili\u00e9s dans d&rsquo;autres pays du monde et ailleurs dans l&rsquo;univers, \u00e0 condition que leur l\u00e9gislation en mati\u00e8re de protection des donn\u00e9es garantisse une protection ad\u00e9quate des donn\u00e9es, de<a href=\"https:\/\/www.edoeb.admin.ch\/edoeb\/fr\/home\/protection-des-donnees\/handel-und-wirtschaft\/uebermittlung-ins-ausland.html\"> l&rsquo;avis du Pr\u00e9pos\u00e9 f\u00e9d\u00e9ral \u00e0 la protection des donn\u00e9es et \u00e0 la transparence<\/a> (PFPDT) et \u2013 si et dans la mesure o\u00f9<a href=\"https:\/\/ec.europa.eu\/info\/law\/law-topic\/data-protection\/international-dimension-data-protection\/adequacy-decisions_de\"> le R\u00e8glement g\u00e9n\u00e9ral sur la protection des donn\u00e9es<\/a> (RGPD) est applicable \u2013 selon la Commission europ\u00e9enne ou si une protection suffisante est assur\u00e9e pour d&rsquo;autres raisons, telles que des clauses contractuelles types ou une certification correspondante, notamment sur base des contrats correspondants. Exceptionnellement, un tel tiers peut \u00eatre domicili\u00e9 dans un pays qui ne dispose pas de protection ad\u00e9quate des donn\u00e9es, \u00e0 condition que les exigences en mati\u00e8re de protection des donn\u00e9es, telles que le consentement expr\u00e8s de la personne concern\u00e9e, soient respect\u00e9es.<\/p>\n<p>&nbsp;<\/p>\n<h2><b>3. Droits des personnes concern\u00e9es<\/b><\/h2>\n<p>Les personnes concern\u00e9es dont nous traitons les donn\u00e9es personnelles disposent des droits octroy\u00e9s par le droit suisse de la protection des donn\u00e9es. Le droit d\u2019acc\u00e8s ainsi que le droit \u00e0 la rectification, \u00e0 la suppression ou au blocage des donn\u00e9es personnelles en font partie.<\/p>\n<p>Les personnes concern\u00e9es dont nous traitons les donn\u00e9es personnelles peuvent \u2013 dans la mesure o\u00f9 le R\u00e8glement g\u00e9n\u00e9ral sur la protection des donn\u00e9es (RGPD) est applicable \u2013 demander gratuitement une confirmation du traitement de leurs donn\u00e9es personnelles et, le cas \u00e9ch\u00e9ant, demander des informations sur le traitement de leurs donn\u00e9es personnelles, restreindre le traitement de leurs donn\u00e9es personnelles, exercer le droit de portabilit\u00e9 des donn\u00e9es et rectifier, supprimer (\u00abdroit \u00e0 l&rsquo;oubli effectif\u00bb), bloquer ou compl\u00e9ter leurs donn\u00e9es personnelles.<\/p>\n<p>Les personnes concern\u00e9es dont nous traitons les donn\u00e9es personnelles peuvent \u2013 dans la mesure o\u00f9 l\u2019RGPD est applicable \u2013 r\u00e9voquer \u00e0 tout moment leur consentement avec effet pour l&rsquo;avenir et s&rsquo;opposer \u00e0 tout moment au traitement de leurs donn\u00e9es personnelles.<\/p>\n<p>Les personnes concern\u00e9es dont nous traitons les donn\u00e9es personnelles disposent d&rsquo;un droit de d\u00e9nonciation aupr\u00e8s de l&rsquo;autorit\u00e9 de surveillance comp\u00e9tente. L&rsquo;autorit\u00e9 de surveillance pour la protection des donn\u00e9es en Suisse est le<a href=\"https:\/\/www.edoeb.admin.ch\/edoeb\/fr\/home.html\"> pr\u00e9pos\u00e9 f\u00e9d\u00e9ral \u00e0 la protection des donn\u00e9es et \u00e0 la transparence (PFPDT)<\/a>.<\/p>\n<p>&nbsp;<\/p>\n<h2><b>4. S\u00e9curit\u00e9 des donn\u00e9es<\/b><\/h2>\n<p>Nous prenons toute mesure organisationnelle et technique appropri\u00e9e pour garantir la protection et la s\u00e9curit\u00e9 des donn\u00e9es. Malgr\u00e9 les mesures organisationnelles et techniques appropri\u00e9es, il arrive que le traitement de donn\u00e9es personnelles sur internet pr\u00e9sente des failles de s\u00e9curit\u00e9. C\u2019est pourquoi nous ne garantissons pas une s\u00e9curit\u00e9 absolue.<\/p>\n<p>L\u2019acc\u00e8s \u00e0 notre offre s\u2019effectue au moyen d&rsquo;une connexion s\u00e9curis\u00e9e (SSL \/ TLS).<\/p>\n<p>Comme toute utilisation d\u2019internet, l&rsquo;acc\u00e8s \u00e0 notre offre est en principe soumis \u00e0 un contr\u00f4le des masses ind\u00e9pendant de tout soup\u00e7on et sans motif ainsi qu\u2019au contr\u00f4le sp\u00e9cifique des autorit\u00e9s charg\u00e9es de la s\u00e9curit\u00e9 en Suisse, au sein de l\u2019UE, aux \u00c9tats-Unis d\u2019Am\u00e9rique (USA) et dans d\u2019autres \u00c9tats. Nous n\u2019avons aucune influence directe sur le traitement des donn\u00e9es personnelles par des services secrets, des services de police et autres autorit\u00e9s charg\u00e9es de la s\u00e9curit\u00e9.<\/p>\n<p>&nbsp;<\/p>\n<h2><b>5. Utilisation du site Web<\/b><\/h2>\n<h3><b>5.1 Cookies<\/b><\/h3>\n<p>Nous pouvons utiliser des cookies pour notre site Web. Les cookies \u2013 y compris ceux de tiers dont nous utilisons les services (cookies de tiers, ou plus exactement Third-Party Cookies) \u2013 sont des fichiers sous forme de texte qui sont stock\u00e9es dans votre navigateur. Les cookies ne peuvent pas ex\u00e9cuter de programmes ou transmettre des logiciels malveillants tels que des chevaux de Troie et des virus.<\/p>\n<p>Lorsque vous visitez notre site Web, des cookies peuvent \u00eatre stock\u00e9s temporairement dans votre navigateur en tant que \u00abcookies de session\u00bb ou pendant une certaine p\u00e9riode de temps en tant que cookies dits permanents. Les \u00abcookies de session\u00bb sont automatiquement supprim\u00e9s lorsque vous fermez votre navigateur. Les cookies permanents permettent \u00e0 votre navigateur d&rsquo;\u00eatre reconnu lors de votre prochaine visite sur notre site Web et donc, par exemple, de mesurer la port\u00e9e de notre site Web. Toutefois, les cookies permanents peuvent \u00e9galement \u00eatre utilis\u00e9s, par exemple, pour le marketing en ligne.<\/p>\n<p>Vous pouvez \u00e0 tout moment d\u00e9sactiver compl\u00e8tement ou partiellement les cookies dans les param\u00e8tres de votre navigateur ou les supprimer. Sans cookies, notre offre en ligne risque de ne plus \u00eatre enti\u00e8rement disponible. Si et dans la mesure n\u00e9cessaire, nous vous demandons votre consentement pour l&rsquo;utilisation de cookies.<\/p>\n<p>&nbsp;<\/p>\n<h3><b>5.2 Fichiers journaux du serveur<\/b><\/h3>\n<p>Nous pouvons recueillir les donn\u00e9es suivantes pour chaque acc\u00e8s \u00e0 notre site Web, pour autant qu&rsquo;elles soient transmises de votre navigateur \u00e0 notre infrastructure de serveurs ou qu&rsquo;elles puissent \u00eatre d\u00e9termin\u00e9es par notre serveur Web: la date et l\u2019heure, y compris le fuseau horaire, l\u2019Internet Protocol (l\u2019adresse IP), \u00e9tat d&rsquo;acc\u00e8s (code d&rsquo;\u00e9tat HTTP), le syst\u00e8me d&rsquo;exploitation, y compris l\u2019interface utilisateur et la version, le navigateur, y compris la langue et la version, les pages consult\u00e9es sur notre site Web, y compris la quantit\u00e9 de donn\u00e9es transmises et la derni\u00e8re page affich\u00e9e dans la m\u00eame fen\u00eatre (Referrer) du navigateur.<\/p>\n<p>Nous stockons ces informations, qui peuvent \u00e9galement repr\u00e9senter des donn\u00e9es personnelles, dans des fichiers journaux du serveur. Ces informations sont n\u00e9cessaires pour fournir nos services en ligne de mani\u00e8re permanente, conviviale et fiable ainsi que pour garantir la s\u00e9curit\u00e9 des donn\u00e9es et, en particulier, la protection des donn\u00e9es personnelles \u2013 \u00e9galement par des tiers ou avec l&rsquo;aide de tiers.<\/p>\n<p>&nbsp;<\/p>\n<h3><b>5.3 Pixels invisibles<\/b><\/h3>\n<p>Nous pouvons utiliser des pixels invisibles sur notre site Web. Les pixels invisibles sont \u00e9galement appel\u00e9s Web Beacons. Les pixels invisibles \u2013 y compris ceux de tiers dont nous utilisons les services \u2013 sont de petites images qui sont consult\u00e9es lorsque vous visitez notre site Web. Les pixels invisibles permettent de collecter les m\u00eames informations comme dans les fichiers journaux du serveur.<\/p>\n<p>&nbsp;<\/p>\n<h2><b>6. R\u00e9seaux sociaux<\/b><\/h2>\n<p>Nous sommes pr\u00e9sents sur les plateformes de m\u00e9dias sociaux et autres plateformes en ligne afin de communiquer avec les personnes int\u00e9ress\u00e9es et de les informer au sujet de notre offre en ligne. Les donn\u00e9es personnelles peuvent \u00e9galement \u00eatre trait\u00e9es en dehors de la Suisse et de l\u2019Espace \u00e9conomique europ\u00e9en (EEE), y compris l\u2019Union europ\u00e9enne (UE) et la Principaut\u00e9 du Liechtenstein.<\/p>\n<p>Les conditions g\u00e9n\u00e9rales (CG), les d\u00e9clarations de protection des donn\u00e9es et les autres dispositions des diff\u00e9rents exploitants de ces plateformes en ligne s\u2019appliquent \u00e9galement dans chaque cas. Ces dispositions fournissent notamment des informations sur les droits des personnes concern\u00e9es, en particulier le droit d\u2019acc\u00e8s.<\/p>\n<p>En ce qui concerne <b>notre pr\u00e9sence sur Facebook<\/b>, nous sommes, si et dans la mesure o\u00f9 le RGPD s\u2019applique, responsables conjointement avec Facebook des statistiques de pages. Les statistiques de pages indiquent comment les visiteurs interagissent avec notre pr\u00e9sence sur Facebook. Nous utilisons les statistiques de pages pour assurer notre pr\u00e9sence sur Facebook de mani\u00e8re efficace et conviviale. Facebook a publi\u00e9 des<a href=\"https:\/\/fr-fr.facebook.com\/legal\/terms\/information_about_page_insights_data\"> Informations concernant les donn\u00e9es de Statistiques de Pages<\/a> et un<a href=\"https:\/\/fr-fr.facebook.com\/legal\/terms\/page_controller_addendum\"> Addenda concernant le responsable du traitement des Statistiques de Pages<\/a>.<\/p>\n<p>&nbsp;<\/p>\n<h2><b>7. Services de tiers<\/b><\/h2>\n<p>Nous pouvons avoir recours \u00e0 des services de tiers pour fournir nos services en ligne de mani\u00e8re durable, conviviale, s\u00fbre et fiable. Ces services sont \u00e9galement \u00eatre utilis\u00e9s pour pouvoir int\u00e9grer du contenu dans notre offre en ligne. Ces services \u2013 tels que les services d&rsquo;h\u00e9bergement et de stockage, les services vid\u00e9o ainsi que les services de paiement \u2013 n\u00e9cessitent votre adresse IP (protocole Internet), sinon ces services ne pourront pas fournir les contenus aff\u00e9rents. Ces services peuvent \u00eatre situ\u00e9s en dehors de la Suisse et de l&rsquo;Espace \u00e9conomique europ\u00e9en (EEE), y compris l&rsquo;Union europ\u00e9enne (UE) et la Principaut\u00e9 de Liechtenstein, \u00e0 condition qu&rsquo;une protection ad\u00e9quate des donn\u00e9es soit garantie.<\/p>\n<p>Pour leurs propres besoins de s\u00e9curit\u00e9, statistiques et techniques, les tiers dont nous utilisons les services peuvent \u00e9galement traiter des donn\u00e9es dans le cadre de nos services en ligne et provenant d&rsquo;autres sources sous forme agr\u00e9g\u00e9e, anonyme ou pseudonyme \u2013 y compris des cookies, des fichiers journaux et des GIF invisibles. Ces donn\u00e9es ne seront pas utilis\u00e9es pour acc\u00e9der directement aux personnes concern\u00e9es dans le cadre de nos services en ligne.<\/p>\n<p>&nbsp;<\/p>\n<h3><b>7.1 Infrastructure digitale<\/b><\/h3>\n<p>Nous recourons aux services de tiers pour mettre en oeuvre l\u2019infrastructure digitale n\u00e9cessaire \u00e0 notre offre. En font notamment partie les services d\u2019h\u00e9bergement et de stockage de fournisseurs sp\u00e9cialis\u00e9s. Ces fournisseurs traitent \u00e0 cet effet &#8211; en r\u00e8gle g\u00e9n\u00e9rale exclusivement sur notre ordre &#8211; les donn\u00e9es n\u00e9cessaires pour faire fonctionner cette infrastructure. Vos adresses IP (Internet Protocol) font partie de ces donn\u00e9es. Nous garantissons \u00e9galement une protection des donn\u00e9es ad\u00e9quate aupr\u00e8s de ces fournisseurs.<\/p>\n<p>Cyon: h\u00e9bergement; fournisseur: Cyon GmbH (Suisse); indications sur la protection des donn\u00e9es: <a href=\"https:\/\/www.cyon.ch\/legal\/privacy\">https:\/\/www.cyon.ch\/legal\/privacy<\/a><\/p>\n<p>&nbsp;<\/p>\n<h3><b>7.2 Divertissement<\/b><\/h3>\n<p>Nous utilisons <b>YouTube<\/b> pour int\u00e9grer des vid\u00e9os dans notre site Web. Des cookies sont \u00e9galement utilis\u00e9s \u00e0 cet effet. YouTube est un service de la soci\u00e9t\u00e9 am\u00e9ricaine Google LLC.<a href=\"https:\/\/www.blog.google\/around-the-globe\/google-europe\/some-changes-our-service-model-europe\/\"> Google Ireland Limited<\/a> est responsable des utilisateurs dans l&rsquo;Espace \u00e9conomique europ\u00e9en (EEE) et en Suisse. Vous trouverez de plus amples informations sur la nature, l&rsquo;ampleur et la finalit\u00e9 du traitement des donn\u00e9es dans l<a href=\"https:\/\/safety.google\/intl\/fr\/principles\/\">a politique de confidentialit\u00e9 et de s\u00e9curit\u00e9<\/a> et dans l<a href=\"https:\/\/policies.google.com\/privacy?hl=fr\">a d\u00e9claration de confidentialit\u00e9<\/a> de Google, dans<a href=\"https:\/\/policies.google.com\/technologies\/product-privacy?hl=fr\"> la directive sur la protection des donn\u00e9es des produits Google<\/a> (y compris YouTube), dans<a href=\"https:\/\/policies.google.com\/technologies\/partner-sites?hl=fr\"> les informations sur l&rsquo;utilisation par Google des donn\u00e9es des sites Web sur lesquels les services Google sont utilis\u00e9s<\/a> et dans<a href=\"https:\/\/policies.google.com\/technologies\/cookies?hl=fr\"> les informations concernant l&rsquo;utilisation des cookies<\/a> par Google. Il est \u00e9galement possible de<a href=\"https:\/\/adssettings.google.com\/authenticated\"> s&rsquo;opposer \u00e0 une publicit\u00e9 personnalis\u00e9e<\/a>.<\/p>\n<p>&nbsp;<\/p>\n<h2><b>8. Dispositions finales<\/b><\/h2>\n<p>Nous pouvons adapter et compl\u00e9ter cette d\u00e9claration de confidentialit\u00e9 \u00e0 tout moment. Nous vous informerons de ces adaptations et compl\u00e9ments sous une forme appropri\u00e9e, notamment en publiant la d\u00e9claration de confidentialit\u00e9 actuelle sur notre site Web.<\/p>\n<p>&nbsp;<\/p>\n<\/div>\n<\/div><\/div>\n<\/div>\n<\/div>\n<\/div>\n<\/div>\n<\/div>\n\n","protected":false},"excerpt":{"rendered":"","protected":false},"author":1,"featured_media":0,"parent":0,"menu_order":0,"comment_status":"closed","ping_status":"closed","template":"","meta":{"footnotes":""},"class_list":["post-16068","page","type-page","status-publish","hentry"],"yoast_head":"<!-- This site is optimized with the Yoast SEO plugin v26.4 - https:\/\/yoast.com\/wordpress\/plugins\/seo\/ -->\n<title>Protection des donn\u00e9es - The Company of St. George<\/title>\n<meta name=\"robots\" content=\"index, follow, max-snippet:-1, max-image-preview:large, max-video-preview:-1\" \/>\n<link rel=\"canonical\" href=\"https:\/\/companie-of-st-george.ch\/fr\/protection-des-donnees\/\" \/>\n<meta property=\"og:locale\" content=\"fr_FR\" \/>\n<meta property=\"og:type\" content=\"article\" \/>\n<meta property=\"og:title\" content=\"Protection des donn\u00e9es - The Company of St. George\" \/>\n<meta property=\"og:url\" content=\"https:\/\/companie-of-st-george.ch\/fr\/protection-des-donnees\/\" \/>\n<meta property=\"og:site_name\" content=\"The Company of St. George\" \/>\n<meta property=\"article:modified_time\" content=\"2022-02-18T10:29:56+00:00\" \/>\n<meta name=\"twitter:card\" content=\"summary_large_image\" \/>\n<meta name=\"twitter:label1\" content=\"Dur\u00e9e de lecture estim\u00e9e\" \/>\n\t<meta name=\"twitter:data1\" content=\"15 minutes\" \/>\n<script type=\"application\/ld+json\" class=\"yoast-schema-graph\">{\"@context\":\"https:\/\/schema.org\",\"@graph\":[{\"@type\":\"WebPage\",\"@id\":\"https:\/\/companie-of-st-george.ch\/fr\/protection-des-donnees\/\",\"url\":\"https:\/\/companie-of-st-george.ch\/fr\/protection-des-donnees\/\",\"name\":\"Protection des donn\u00e9es - The Company of St. George\",\"isPartOf\":{\"@id\":\"https:\/\/companie-of-st-george.ch\/fr\/#website\"},\"datePublished\":\"2020-07-29T15:55:23+00:00\",\"dateModified\":\"2022-02-18T10:29:56+00:00\",\"breadcrumb\":{\"@id\":\"https:\/\/companie-of-st-george.ch\/fr\/protection-des-donnees\/#breadcrumb\"},\"inLanguage\":\"fr-FR\",\"potentialAction\":[{\"@type\":\"ReadAction\",\"target\":[\"https:\/\/companie-of-st-george.ch\/fr\/protection-des-donnees\/\"]}]},{\"@type\":\"BreadcrumbList\",\"@id\":\"https:\/\/companie-of-st-george.ch\/fr\/protection-des-donnees\/#breadcrumb\",\"itemListElement\":[{\"@type\":\"ListItem\",\"position\":1,\"name\":\"Home\",\"item\":\"https:\/\/companie-of-st-george.ch\/fr\/\"},{\"@type\":\"ListItem\",\"position\":2,\"name\":\"Protection des donn\u00e9es\"}]},{\"@type\":\"WebSite\",\"@id\":\"https:\/\/companie-of-st-george.ch\/fr\/#website\",\"url\":\"https:\/\/companie-of-st-george.ch\/fr\/\",\"name\":\"The Company of St. George\",\"description\":\"An artillery company of the 15th century\",\"potentialAction\":[{\"@type\":\"SearchAction\",\"target\":{\"@type\":\"EntryPoint\",\"urlTemplate\":\"https:\/\/companie-of-st-george.ch\/fr\/?s={search_term_string}\"},\"query-input\":{\"@type\":\"PropertyValueSpecification\",\"valueRequired\":true,\"valueName\":\"search_term_string\"}}],\"inLanguage\":\"fr-FR\"}]}<\/script>\n<!-- \/ Yoast SEO plugin. -->","yoast_head_json":{"title":"Protection des donn\u00e9es - The Company of St. George","robots":{"index":"index","follow":"follow","max-snippet":"max-snippet:-1","max-image-preview":"max-image-preview:large","max-video-preview":"max-video-preview:-1"},"canonical":"https:\/\/companie-of-st-george.ch\/fr\/protection-des-donnees\/","og_locale":"fr_FR","og_type":"article","og_title":"Protection des donn\u00e9es - The Company of St. George","og_url":"https:\/\/companie-of-st-george.ch\/fr\/protection-des-donnees\/","og_site_name":"The Company of St. George","article_modified_time":"2022-02-18T10:29:56+00:00","twitter_card":"summary_large_image","twitter_misc":{"Dur\u00e9e de lecture estim\u00e9e":"15 minutes"},"schema":{"@context":"https:\/\/schema.org","@graph":[{"@type":"WebPage","@id":"https:\/\/companie-of-st-george.ch\/fr\/protection-des-donnees\/","url":"https:\/\/companie-of-st-george.ch\/fr\/protection-des-donnees\/","name":"Protection des donn\u00e9es - The Company of St. George","isPartOf":{"@id":"https:\/\/companie-of-st-george.ch\/fr\/#website"},"datePublished":"2020-07-29T15:55:23+00:00","dateModified":"2022-02-18T10:29:56+00:00","breadcrumb":{"@id":"https:\/\/companie-of-st-george.ch\/fr\/protection-des-donnees\/#breadcrumb"},"inLanguage":"fr-FR","potentialAction":[{"@type":"ReadAction","target":["https:\/\/companie-of-st-george.ch\/fr\/protection-des-donnees\/"]}]},{"@type":"BreadcrumbList","@id":"https:\/\/companie-of-st-george.ch\/fr\/protection-des-donnees\/#breadcrumb","itemListElement":[{"@type":"ListItem","position":1,"name":"Home","item":"https:\/\/companie-of-st-george.ch\/fr\/"},{"@type":"ListItem","position":2,"name":"Protection des donn\u00e9es"}]},{"@type":"WebSite","@id":"https:\/\/companie-of-st-george.ch\/fr\/#website","url":"https:\/\/companie-of-st-george.ch\/fr\/","name":"The Company of St. George","description":"An artillery company of the 15th century","potentialAction":[{"@type":"SearchAction","target":{"@type":"EntryPoint","urlTemplate":"https:\/\/companie-of-st-george.ch\/fr\/?s={search_term_string}"},"query-input":{"@type":"PropertyValueSpecification","valueRequired":true,"valueName":"search_term_string"}}],"inLanguage":"fr-FR"}]}},"_links":{"self":[{"href":"https:\/\/companie-of-st-george.ch\/fr\/wp-json\/wp\/v2\/pages\/16068","targetHints":{"allow":["GET"]}}],"collection":[{"href":"https:\/\/companie-of-st-george.ch\/fr\/wp-json\/wp\/v2\/pages"}],"about":[{"href":"https:\/\/companie-of-st-george.ch\/fr\/wp-json\/wp\/v2\/types\/page"}],"author":[{"embeddable":true,"href":"https:\/\/companie-of-st-george.ch\/fr\/wp-json\/wp\/v2\/users\/1"}],"replies":[{"embeddable":true,"href":"https:\/\/companie-of-st-george.ch\/fr\/wp-json\/wp\/v2\/comments?post=16068"}],"version-history":[{"count":6,"href":"https:\/\/companie-of-st-george.ch\/fr\/wp-json\/wp\/v2\/pages\/16068\/revisions"}],"predecessor-version":[{"id":17173,"href":"https:\/\/companie-of-st-george.ch\/fr\/wp-json\/wp\/v2\/pages\/16068\/revisions\/17173"}],"wp:attachment":[{"href":"https:\/\/companie-of-st-george.ch\/fr\/wp-json\/wp\/v2\/media?parent=16068"}],"curies":[{"name":"wp","href":"https:\/\/api.w.org\/{rel}","templated":true}]}}